{"id":3861,"date":"2023-08-22T07:50:08","date_gmt":"2023-08-22T07:50:08","guid":{"rendered":"https:\/\/mindszentiskola.hu\/?page_id=3861"},"modified":"2023-08-25T09:59:22","modified_gmt":"2023-08-25T09:59:22","slug":"hatartalanul-palyazat-2023-majus-hat_kp_1_2002-1-001133","status":"publish","type":"page","link":"\/?page_id=3861","title":{"rendered":"Hat\u00e1rtalanul p\u00e1ly\u00e1zat 2023. m\u00e1jus HAT_KP_1_2002\/1-001133"},"content":{"rendered":"\n<p><strong>Besz\u00e1mol\u00f3 az erd\u00e9lyi kir\u00e1ndul\u00e1sr\u00f3l<\/strong><\/p>\n\n\n\n<p>Nagy \u00f6r\u00f6mmel fogadtuk a h\u00edrt, hogy nyert a Hat\u00e1rtalanul p\u00e1ly\u00e1zat. 2023. m\u00e1jus 21-25. k\u00f6z\u00f6tt \u00edgy egy csod\u00e1latos kir\u00e1ndul\u00e1son vehet\u00fcnk r\u00e9szt Erd\u00e9lyben.<\/p>\n\n\n\n<p class=\"has-text-align-center\"><img loading=\"lazy\" decoding=\"async\" width=\"265\" height=\"199\" class=\"wp-image-3865\" style=\"width: 265px;\" src=\"\/wp-content\/uploads\/2023\/08\/HAT-KP-1-2022_1-001133-3.jpg\" alt=\"\" srcset=\"\/wp-content\/uploads\/2023\/08\/HAT-KP-1-2022_1-001133-3.jpg 2048w, \/wp-content\/uploads\/2023\/08\/HAT-KP-1-2022_1-001133-3-300x225.jpg 300w, \/wp-content\/uploads\/2023\/08\/HAT-KP-1-2022_1-001133-3-1024x768.jpg 1024w, \/wp-content\/uploads\/2023\/08\/HAT-KP-1-2022_1-001133-3-768x576.jpg 768w, \/wp-content\/uploads\/2023\/08\/HAT-KP-1-2022_1-001133-3-1536x1152.jpg 1536w, \/wp-content\/uploads\/2023\/08\/HAT-KP-1-2022_1-001133-3-400x300.jpg 400w\" sizes=\"auto, (max-width: 265px) 100vw, 265px\" \/><img loading=\"lazy\" decoding=\"async\" width=\"150\" height=\"200\" class=\"wp-image-3867\" style=\"width: 150px;\" src=\"\/wp-content\/uploads\/2023\/08\/HAT-KP-1-2022_1-001133-2.jpg\" alt=\"\" srcset=\"\/wp-content\/uploads\/2023\/08\/HAT-KP-1-2022_1-001133-2.jpg 750w, \/wp-content\/uploads\/2023\/08\/HAT-KP-1-2022_1-001133-2-225x300.jpg 225w\" sizes=\"auto, (max-width: 150px) 100vw, 150px\" \/><\/p>\n\n\n\n<p>Az utaz\u00e1st megel\u0151z\u0151en egy el\u0151k\u00e9sz\u00edt\u0151 \u00f3r\u00e1t tartottunk, ahol sz\u00fcleink is t\u00e1j\u00e9koztat\u00e1st kaptak arr\u00f3l, hogy milyen programok lesznek, \u00e9s hogyan k\u00e9sz\u00fclj\u00fcnk fel az utaz\u00e1sra.&nbsp; Majd a Magyarok H\u00e1za \u00e1ltal k\u00fcld\u00f6tt T\u00f6rp\u00e9nek lenni, egy \u00f3ri\u00e1soknak sz\u00e1nt vil\u00e1gban c. filmet n\u00e9zt\u00fck meg, amelyben Nyik\u00f3 Anetta slammer besz\u00e9l egy olyan vil\u00e1gr\u00f3l, amelybe az \u00e1tlagember nagyon ritk\u00e1n l\u00e1t bele: mozg\u00e1ss\u00e9r\u00fcltk\u00e9nt \u00e9lni, kisebbs\u00e9gben.<\/p>\n\n\n\n<p>2023. m\u00e1jus 21-\u00e9n, vas\u00e1rnap mindenki izgatottan v\u00e1rta az indul\u00e1st. A hat\u00e1ron \u00e1tl\u00e9pve m\u00e1r a programok sokas\u00e1ga v\u00e1rt benn\u00fcnket.<\/p>\n\n\n\n<p><img loading=\"lazy\" decoding=\"async\" width=\"500\" height=\"375\" class=\"wp-image-3869\" style=\"width: 500px;\" src=\"\/wp-content\/uploads\/2023\/08\/HAT-KP-1-2022_1-001133-9-scaled.jpg\" alt=\"\" srcset=\"\/wp-content\/uploads\/2023\/08\/HAT-KP-1-2022_1-001133-9-scaled.jpg 2560w, \/wp-content\/uploads\/2023\/08\/HAT-KP-1-2022_1-001133-9-300x225.jpg 300w, \/wp-content\/uploads\/2023\/08\/HAT-KP-1-2022_1-001133-9-1024x768.jpg 1024w, \/wp-content\/uploads\/2023\/08\/HAT-KP-1-2022_1-001133-9-768x576.jpg 768w, \/wp-content\/uploads\/2023\/08\/HAT-KP-1-2022_1-001133-9-1536x1152.jpg 1536w, \/wp-content\/uploads\/2023\/08\/HAT-KP-1-2022_1-001133-9-2048x1536.jpg 2048w, \/wp-content\/uploads\/2023\/08\/HAT-KP-1-2022_1-001133-9-400x300.jpg 400w\" sizes=\"auto, (max-width: 500px) 100vw, 500px\" \/><\/p>\n\n\n\n<p>El\u0151sz\u00f6r Nagyszalont\u00e1n Arany J\u00e1nos sz\u00fcl\u0151v\u00e1ros\u00e1ban \u00e1lltunk meg. A Csonka-toronyban j\u00e1rva sok ismer\u0151s dolgot hallottunk az el\u0151ad\u00e1son. Szinte megelevenedtek el\u0151tt\u00fcnk Arany \u00e9let\u00e9nek \u00e1llom\u00e1sai. K\u00fcl\u00f6n\u00f6sen \u00e9rdekes volt l\u00e1tnunk a dolgoz\u00f3szob\u00e1j\u00e1t, majd a m\u00e1r elolvasott Szondi k\u00e9t apr\u00f3dja c\u00edm\u0171 ballad\u00e1j\u00e1nak a k\u00e9zirat\u00e1t. A fi\u00f3kok titkokat rejtegettek a k\u00f6lt\u0151 \u00e9let\u00e9nek \u00e1llom\u00e1saib\u00f3l, m\u0171veib\u0151l. Els\u00e9t\u00e1ltunk a sz\u00fcl\u0151i h\u00e1zhoz is. <img loading=\"lazy\" decoding=\"async\" width=\"580\" height=\"435\" class=\"wp-image-3870\" style=\"width: 580px;\" src=\"\/wp-content\/uploads\/2023\/08\/HAT-KP-1-2022_1-001133-10-scaled.jpg\" alt=\"\" srcset=\"\/wp-content\/uploads\/2023\/08\/HAT-KP-1-2022_1-001133-10-scaled.jpg 2560w, \/wp-content\/uploads\/2023\/08\/HAT-KP-1-2022_1-001133-10-300x225.jpg 300w, \/wp-content\/uploads\/2023\/08\/HAT-KP-1-2022_1-001133-10-1024x768.jpg 1024w, \/wp-content\/uploads\/2023\/08\/HAT-KP-1-2022_1-001133-10-768x576.jpg 768w, \/wp-content\/uploads\/2023\/08\/HAT-KP-1-2022_1-001133-10-1536x1152.jpg 1536w, \/wp-content\/uploads\/2023\/08\/HAT-KP-1-2022_1-001133-10-2048x1536.jpg 2048w, \/wp-content\/uploads\/2023\/08\/HAT-KP-1-2022_1-001133-10-400x300.jpg 400w\" sizes=\"auto, (max-width: 580px) 100vw, 580px\" \/><\/p>\n\n\n\n<figure class=\"wp-block-image size-large\"><a href=\"\/wp-content\/uploads\/2023\/08\/HAT-KP-1-2022_1-001133-11-scaled.jpg\"><img loading=\"lazy\" decoding=\"async\" width=\"1024\" height=\"768\" src=\"\/wp-content\/uploads\/2023\/08\/HAT-KP-1-2022_1-001133-11-1024x768.jpg\" alt=\"\" class=\"wp-image-3871\" srcset=\"\/wp-content\/uploads\/2023\/08\/HAT-KP-1-2022_1-001133-11-1024x768.jpg 1024w, \/wp-content\/uploads\/2023\/08\/HAT-KP-1-2022_1-001133-11-300x225.jpg 300w, \/wp-content\/uploads\/2023\/08\/HAT-KP-1-2022_1-001133-11-768x576.jpg 768w, \/wp-content\/uploads\/2023\/08\/HAT-KP-1-2022_1-001133-11-1536x1152.jpg 1536w, \/wp-content\/uploads\/2023\/08\/HAT-KP-1-2022_1-001133-11-2048x1536.jpg 2048w, \/wp-content\/uploads\/2023\/08\/HAT-KP-1-2022_1-001133-11-400x300.jpg 400w\" sizes=\"auto, (max-width: 1024px) 100vw, 1024px\" \/><\/a><\/figure>\n\n\n\n<p>Utunk ezut\u00e1n Nagyv\u00e1radra vezetett, ahol Szent L\u00e1szl\u00f3 Sz\u00e9kesegyh\u00e1zban egy szent mis\u00e9be cs\u00f6ppent\u00fcnk. \u00cdgy csak \u00e1mulva n\u00e9zt\u00fck a monument\u00e1lis templomot, a nagyon d\u00edszes fresk\u00f3kat \u00e9s hallgattuk az \u00e9neket.<\/p>\n\n\n\n<p>Tov\u00e1bb buszozva el\u00e9rt\u00fck Erd\u00e9ly term\u00e9szetes hat\u00e1r\u00e1t Kir\u00e1lyh\u00e1g\u00f3t.<\/p>\n\n\n\n<p><img loading=\"lazy\" decoding=\"async\" width=\"580\" height=\"435\" class=\"wp-image-3872\" style=\"width: 580px;\" src=\"\/wp-content\/uploads\/2023\/08\/HAT-KP-1-2022_1-001133-13-scaled.jpg\" alt=\"\" srcset=\"\/wp-content\/uploads\/2023\/08\/HAT-KP-1-2022_1-001133-13-scaled.jpg 2560w, \/wp-content\/uploads\/2023\/08\/HAT-KP-1-2022_1-001133-13-300x225.jpg 300w, \/wp-content\/uploads\/2023\/08\/HAT-KP-1-2022_1-001133-13-1024x768.jpg 1024w, \/wp-content\/uploads\/2023\/08\/HAT-KP-1-2022_1-001133-13-768x576.jpg 768w, \/wp-content\/uploads\/2023\/08\/HAT-KP-1-2022_1-001133-13-1536x1152.jpg 1536w, \/wp-content\/uploads\/2023\/08\/HAT-KP-1-2022_1-001133-13-2048x1536.jpg 2048w, \/wp-content\/uploads\/2023\/08\/HAT-KP-1-2022_1-001133-13-400x300.jpg 400w\" sizes=\"auto, (max-width: 580px) 100vw, 580px\" \/>Kolozsv\u00e1r f\u0151ter\u00e9n is tett\u00fcnk egy s\u00e9t\u00e1t. Felkerest\u00fck M\u00e1ty\u00e1s kir\u00e1ly sz\u00fcl\u0151h\u00e1z\u00e1t, majd megcsod\u00e1ltuk gy\u00f6ny\u00f6r\u0171 g\u00f3tikus st\u00edlusban \u00e9p\u00fclt Szent Mih\u00e1ly templomot. Majd a Kolozsv\u00e1ri Napok programj\u00e1n n\u00e9zt\u00fcnk n\u00e9pt\u00e1ncos bemutat\u00f3kat.<\/p>\n\n\n\n<figure class=\"wp-block-image size-large\"><a href=\"\/wp-content\/uploads\/2023\/08\/HAT-KP-1-2022_1-001133-15-scaled.jpg\"><img loading=\"lazy\" decoding=\"async\" width=\"1024\" height=\"768\" src=\"\/wp-content\/uploads\/2023\/08\/HAT-KP-1-2022_1-001133-15-1024x768.jpg\" alt=\"\" class=\"wp-image-3873\" srcset=\"\/wp-content\/uploads\/2023\/08\/HAT-KP-1-2022_1-001133-15-1024x768.jpg 1024w, \/wp-content\/uploads\/2023\/08\/HAT-KP-1-2022_1-001133-15-300x225.jpg 300w, \/wp-content\/uploads\/2023\/08\/HAT-KP-1-2022_1-001133-15-768x576.jpg 768w, \/wp-content\/uploads\/2023\/08\/HAT-KP-1-2022_1-001133-15-1536x1152.jpg 1536w, \/wp-content\/uploads\/2023\/08\/HAT-KP-1-2022_1-001133-15-2048x1536.jpg 2048w, \/wp-content\/uploads\/2023\/08\/HAT-KP-1-2022_1-001133-15-400x300.jpg 400w\" sizes=\"auto, (max-width: 1024px) 100vw, 1024px\" \/><\/a><\/figure>\n\n\n\n<p><img loading=\"lazy\" decoding=\"async\" width=\"580\" height=\"136\" class=\"wp-image-3874\" style=\"width: 580px;\" src=\"\/wp-content\/uploads\/2023\/08\/1.jpg\" alt=\"\" srcset=\"\/wp-content\/uploads\/2023\/08\/1.jpg 1386w, \/wp-content\/uploads\/2023\/08\/1-300x70.jpg 300w, \/wp-content\/uploads\/2023\/08\/1-1024x240.jpg 1024w, \/wp-content\/uploads\/2023\/08\/1-768x180.jpg 768w, \/wp-content\/uploads\/2023\/08\/1-500x117.jpg 500w\" sizes=\"auto, (max-width: 580px) 100vw, 580px\" \/>K\u00e9s\u0151 este \u00e9rkezt\u00fcnk a gyergy\u00f3szentmikl\u00f3si sz\u00e1ll\u00e1shely\u00fcnkre az ANDA panzi\u00f3ban, ahol nagyon kedvesen, meleg vacsor\u00e1val fogadtak. Reggel csak \u00e1multunk milyen csod\u00e1s helyre \u00e9rkezt\u00fcnk!<\/p>\n\n\n\n<p><img loading=\"lazy\" decoding=\"async\" width=\"500\" height=\"667\" class=\"wp-image-3875\" style=\"width: 500px;\" src=\"\/wp-content\/uploads\/2023\/08\/HAT-KP-1-2022_1-001133-17-scaled.jpg\" alt=\"\" srcset=\"\/wp-content\/uploads\/2023\/08\/HAT-KP-1-2022_1-001133-17-scaled.jpg 1920w, \/wp-content\/uploads\/2023\/08\/HAT-KP-1-2022_1-001133-17-225x300.jpg 225w, \/wp-content\/uploads\/2023\/08\/HAT-KP-1-2022_1-001133-17-768x1024.jpg 768w, \/wp-content\/uploads\/2023\/08\/HAT-KP-1-2022_1-001133-17-1152x1536.jpg 1152w, \/wp-content\/uploads\/2023\/08\/HAT-KP-1-2022_1-001133-17-1536x2048.jpg 1536w\" sizes=\"auto, (max-width: 500px) 100vw, 500px\" \/><\/p>\n\n\n\n<p>M\u00e1sodik napon Cs\u00edksomly\u00f3ra indultunk. \u00datk\u00f6zben M\u00e1d\u00e9falv\u00e1n a m\u00e1d\u00e9falvi veszedelemben k\u00e9tsz\u00e1z meg\u00f6lt sz\u00e9kely eml\u00e9k\u00e9re \u00e1ll\u00edtott eml\u00e9km\u0171vet koszor\u00faztuk meg.&nbsp;<\/p>\n\n\n\n<p><img loading=\"lazy\" decoding=\"async\" width=\"500\" height=\"667\" class=\"wp-image-3876\" style=\"width: 500px;\" src=\"\/wp-content\/uploads\/2023\/08\/HAT-KP-1-2022_1-001133-18-scaled.jpg\" alt=\"\" srcset=\"\/wp-content\/uploads\/2023\/08\/HAT-KP-1-2022_1-001133-18-scaled.jpg 1920w, \/wp-content\/uploads\/2023\/08\/HAT-KP-1-2022_1-001133-18-225x300.jpg 225w, \/wp-content\/uploads\/2023\/08\/HAT-KP-1-2022_1-001133-18-768x1024.jpg 768w, \/wp-content\/uploads\/2023\/08\/HAT-KP-1-2022_1-001133-18-1152x1536.jpg 1152w, \/wp-content\/uploads\/2023\/08\/HAT-KP-1-2022_1-001133-18-1536x2048.jpg 1536w\" sizes=\"auto, (max-width: 500px) 100vw, 500px\" \/><\/p>\n\n\n\n<p>Cs\u00edksomly\u00f3n megl\u00e1togattuk a h\u00edres kegytemplomot. Itt egy kicsit elcsendesedt\u00fcnk. Volt, aki im\u00e1dkozott \u00e9s a csodatev\u0151 M\u00e1ria szoborhoz j\u00e1rult. Majd egy mozgalmas, f\u00e1raszt\u00f3 t\u00fara k\u00f6vetkezett a misedombra. A t\u00e1j l\u00e1tv\u00e1nya mindent k\u00e1rp\u00f3tolt. N\u00e9h\u00e1nyan tov\u00e1bb gyalogoltunk \u00e9s egy r\u00e9gi k\u00e1poln\u00e1t n\u00e9zt\u00fcnk meg, majd a K\u00e1lv\u00e1ria \u00fatj\u00e1n t\u00e9rt\u00fcnk vissza a borv\u00edzforr\u00e1shoz. \u00datk\u00f6zben m\u00e9g egy 8 \u00e9ve remetek\u00e9nt \u00e9l\u0151 b\u00e1csival is tal\u00e1lkoztunk, aki \u00e9ppen medve \u00e1ltal sz\u00e9tszedett ker\u00edt\u00e9sjav\u00edt\u00e1sb\u00f3l j\u00f6tt. A borv\u00edz forr\u00e1s mellett kipr\u00f3b\u00e1lhattunk egy borvizes l\u00e1bf\u00fcrd\u0151t.<\/p>\n\n\n\n<figure class=\"wp-block-image size-large\"><a href=\"\/wp-content\/uploads\/2023\/08\/HAT-KP-1-2022_1-001133-21-scaled.jpg\"><img loading=\"lazy\" decoding=\"async\" width=\"1024\" height=\"768\" src=\"\/wp-content\/uploads\/2023\/08\/HAT-KP-1-2022_1-001133-21-1024x768.jpg\" alt=\"\" class=\"wp-image-3877\" srcset=\"\/wp-content\/uploads\/2023\/08\/HAT-KP-1-2022_1-001133-21-1024x768.jpg 1024w, \/wp-content\/uploads\/2023\/08\/HAT-KP-1-2022_1-001133-21-300x225.jpg 300w, \/wp-content\/uploads\/2023\/08\/HAT-KP-1-2022_1-001133-21-768x576.jpg 768w, \/wp-content\/uploads\/2023\/08\/HAT-KP-1-2022_1-001133-21-1536x1152.jpg 1536w, \/wp-content\/uploads\/2023\/08\/HAT-KP-1-2022_1-001133-21-2048x1536.jpg 2048w, \/wp-content\/uploads\/2023\/08\/HAT-KP-1-2022_1-001133-21-400x300.jpg 400w\" sizes=\"auto, (max-width: 1024px) 100vw, 1024px\" \/><\/a><\/figure>\n\n\n\n<figure class=\"wp-block-image size-large\"><a href=\"\/wp-content\/uploads\/2023\/08\/HAT-KP-1-2022_1-001133-19-scaled.jpg\"><img loading=\"lazy\" decoding=\"async\" width=\"768\" height=\"1024\" src=\"\/wp-content\/uploads\/2023\/08\/HAT-KP-1-2022_1-001133-19-768x1024.jpg\" alt=\"\" class=\"wp-image-3878\" srcset=\"\/wp-content\/uploads\/2023\/08\/HAT-KP-1-2022_1-001133-19-768x1024.jpg 768w, \/wp-content\/uploads\/2023\/08\/HAT-KP-1-2022_1-001133-19-225x300.jpg 225w, \/wp-content\/uploads\/2023\/08\/HAT-KP-1-2022_1-001133-19-1152x1536.jpg 1152w, \/wp-content\/uploads\/2023\/08\/HAT-KP-1-2022_1-001133-19-1536x2048.jpg 1536w, \/wp-content\/uploads\/2023\/08\/HAT-KP-1-2022_1-001133-19-scaled.jpg 1920w\" sizes=\"auto, (max-width: 768px) 100vw, 768px\" \/><\/a><\/figure>\n\n\n\n<p><img loading=\"lazy\" decoding=\"async\" width=\"500\" height=\"375\" class=\"wp-image-3879\" style=\"width: 500px;\" src=\"\/wp-content\/uploads\/2023\/08\/HAT-KP-1-2022_1-001133-22-scaled.jpg\" alt=\"\" srcset=\"\/wp-content\/uploads\/2023\/08\/HAT-KP-1-2022_1-001133-22-scaled.jpg 2560w, \/wp-content\/uploads\/2023\/08\/HAT-KP-1-2022_1-001133-22-300x225.jpg 300w, \/wp-content\/uploads\/2023\/08\/HAT-KP-1-2022_1-001133-22-1024x768.jpg 1024w, \/wp-content\/uploads\/2023\/08\/HAT-KP-1-2022_1-001133-22-768x576.jpg 768w, \/wp-content\/uploads\/2023\/08\/HAT-KP-1-2022_1-001133-22-1536x1152.jpg 1536w, \/wp-content\/uploads\/2023\/08\/HAT-KP-1-2022_1-001133-22-2048x1536.jpg 2048w, \/wp-content\/uploads\/2023\/08\/HAT-KP-1-2022_1-001133-22-400x300.jpg 400w\" sizes=\"auto, (max-width: 500px) 100vw, 500px\" \/><img loading=\"lazy\" decoding=\"async\" width=\"500\" height=\"375\" class=\"wp-image-3880\" style=\"width: 500px;\" src=\"\/wp-content\/uploads\/2023\/08\/HAT-KP-1-2022_1-001133-23.jpg\" alt=\"\" srcset=\"\/wp-content\/uploads\/2023\/08\/HAT-KP-1-2022_1-001133-23.jpg 2048w, \/wp-content\/uploads\/2023\/08\/HAT-KP-1-2022_1-001133-23-300x225.jpg 300w, \/wp-content\/uploads\/2023\/08\/HAT-KP-1-2022_1-001133-23-1024x768.jpg 1024w, \/wp-content\/uploads\/2023\/08\/HAT-KP-1-2022_1-001133-23-768x576.jpg 768w, \/wp-content\/uploads\/2023\/08\/HAT-KP-1-2022_1-001133-23-1536x1152.jpg 1536w, \/wp-content\/uploads\/2023\/08\/HAT-KP-1-2022_1-001133-23-400x300.jpg 400w\" sizes=\"auto, (max-width: 500px) 100vw, 500px\" \/><\/p>\n\n\n\n<p>Nyergestet\u0151n ism\u00e9t h\u0151s\u00f6kre eml\u00e9kezt\u00fcnk. Megcsod\u00e1ltuk a kifinomultan megmunk\u00e1lt kopjaf\u00e1kat, elolvastuk a gy\u00f6ny\u00f6r\u0171 id\u00e9zeteket, megeml\u00e9kez\u0151 sorokat, felid\u00e9zt\u00fck K\u00e1ny\u00e1di S\u00e1ndor Nyergestet\u0151r\u0151l sz\u00f3l\u00f3 vers\u00e9t a sz\u00e9kely vit\u00e9zek helyt\u00e1ll\u00e1s\u00e1r\u00f3l.<\/p>\n\n\n\n<p>D\u00e9lut\u00e1n a gyergy\u00f3szentmikl\u00f3si \u00e1rvah\u00e1zba l\u00e1togattunk volna, de a gyerekek Gyergy\u00f3sz\u00e1rhegyen tart\u00f3zkodtak a ny\u00e1ri sz\u00e1ll\u00e1son. Kider\u00fclt, hogy ez egy \u00e1ltaluk \u00fczemeltett lovarda. El\u0151sz\u00f6r lovas kocsik\u00e1z\u00e1ssal k\u00f6rben\u00e9zt\u00fck a t\u00e1jat, majd aki \u00fcgyes \u00e9s b\u00e1tor volt az lovagolhatott is. Az itt lak\u00f3 gyerekek mes\u00e9ltek a mindennapjaikr\u00f3l, c\u00e9ljaikr\u00f3l. P\u00e9lda\u00e9rt\u00e9k\u0171 volt sz\u00e1munkra, ahogyan besz\u00e9ltek az \u00e9let\u00fckr\u0151l. \u00d6r\u00f6mmel adtuk \u00e1t az adom\u00e1nyokat nekik, amiket vitt\u00fcnk. Egy vid\u00e1m focimeccsel z\u00e1rtuk a napot.<\/p>\n\n\n\n<figure class=\"wp-block-image size-large\"><a href=\"\/wp-content\/uploads\/2023\/08\/HAT-KP-1-2022_1-001133-5-scaled.jpg\"><img loading=\"lazy\" decoding=\"async\" width=\"768\" height=\"1024\" src=\"\/wp-content\/uploads\/2023\/08\/HAT-KP-1-2022_1-001133-5-768x1024.jpg\" alt=\"\" class=\"wp-image-3881\" srcset=\"\/wp-content\/uploads\/2023\/08\/HAT-KP-1-2022_1-001133-5-768x1024.jpg 768w, \/wp-content\/uploads\/2023\/08\/HAT-KP-1-2022_1-001133-5-225x300.jpg 225w, \/wp-content\/uploads\/2023\/08\/HAT-KP-1-2022_1-001133-5-1152x1536.jpg 1152w, \/wp-content\/uploads\/2023\/08\/HAT-KP-1-2022_1-001133-5-1536x2048.jpg 1536w, \/wp-content\/uploads\/2023\/08\/HAT-KP-1-2022_1-001133-5-scaled.jpg 1920w\" sizes=\"auto, (max-width: 768px) 100vw, 768px\" \/><\/a><\/figure>\n\n\n\n<figure class=\"wp-block-image size-large\"><a href=\"\/wp-content\/uploads\/2023\/08\/HAT-KP-1-2022_1-001133-24-scaled.jpg\"><img loading=\"lazy\" decoding=\"async\" width=\"1024\" height=\"768\" src=\"\/wp-content\/uploads\/2023\/08\/HAT-KP-1-2022_1-001133-24-1024x768.jpg\" alt=\"\" class=\"wp-image-3882\" srcset=\"\/wp-content\/uploads\/2023\/08\/HAT-KP-1-2022_1-001133-24-1024x768.jpg 1024w, \/wp-content\/uploads\/2023\/08\/HAT-KP-1-2022_1-001133-24-300x225.jpg 300w, \/wp-content\/uploads\/2023\/08\/HAT-KP-1-2022_1-001133-24-768x576.jpg 768w, \/wp-content\/uploads\/2023\/08\/HAT-KP-1-2022_1-001133-24-1536x1152.jpg 1536w, \/wp-content\/uploads\/2023\/08\/HAT-KP-1-2022_1-001133-24-2048x1536.jpg 2048w, \/wp-content\/uploads\/2023\/08\/HAT-KP-1-2022_1-001133-24-400x300.jpg 400w\" sizes=\"auto, (max-width: 1024px) 100vw, 1024px\" \/><\/a><\/figure>\n\n\n\n<figure class=\"wp-block-image size-large\"><a href=\"\/wp-content\/uploads\/2023\/08\/HAT-KP-1-2022_1-001133-26-scaled.jpg\"><img loading=\"lazy\" decoding=\"async\" width=\"1024\" height=\"768\" src=\"\/wp-content\/uploads\/2023\/08\/HAT-KP-1-2022_1-001133-26-1024x768.jpg\" alt=\"\" class=\"wp-image-3883\" srcset=\"\/wp-content\/uploads\/2023\/08\/HAT-KP-1-2022_1-001133-26-1024x768.jpg 1024w, \/wp-content\/uploads\/2023\/08\/HAT-KP-1-2022_1-001133-26-300x225.jpg 300w, \/wp-content\/uploads\/2023\/08\/HAT-KP-1-2022_1-001133-26-768x576.jpg 768w, \/wp-content\/uploads\/2023\/08\/HAT-KP-1-2022_1-001133-26-1536x1152.jpg 1536w, \/wp-content\/uploads\/2023\/08\/HAT-KP-1-2022_1-001133-26-2048x1536.jpg 2048w, \/wp-content\/uploads\/2023\/08\/HAT-KP-1-2022_1-001133-26-400x300.jpg 400w\" sizes=\"auto, (max-width: 1024px) 100vw, 1024px\" \/><\/a><\/figure>\n\n\n\n<figure class=\"wp-block-image size-large\"><a href=\"\/wp-content\/uploads\/2023\/08\/HAT-KP-1-2022_1-001133-28-scaled.jpg\"><img loading=\"lazy\" decoding=\"async\" width=\"768\" height=\"1024\" src=\"\/wp-content\/uploads\/2023\/08\/HAT-KP-1-2022_1-001133-28-768x1024.jpg\" alt=\"\" class=\"wp-image-3884\" srcset=\"\/wp-content\/uploads\/2023\/08\/HAT-KP-1-2022_1-001133-28-768x1024.jpg 768w, \/wp-content\/uploads\/2023\/08\/HAT-KP-1-2022_1-001133-28-225x300.jpg 225w, \/wp-content\/uploads\/2023\/08\/HAT-KP-1-2022_1-001133-28-1152x1536.jpg 1152w, \/wp-content\/uploads\/2023\/08\/HAT-KP-1-2022_1-001133-28-1536x2048.jpg 1536w, \/wp-content\/uploads\/2023\/08\/HAT-KP-1-2022_1-001133-28-scaled.jpg 1920w\" sizes=\"auto, (max-width: 768px) 100vw, 768px\" \/><\/a><\/figure>\n\n\n\n<p>A harmadik nap sok program v\u00e1rt r\u00e1nk \u00e9s utaz\u00e1s.<\/p>\n\n\n\n<p>Gyergy\u00f3alfalun \u00e1thaladva Edit n\u00e9ninek esz\u00e9be jutott, hogy Dr. \u00c1v\u00e9d J\u00e1nos h\u00e1zi orvosunk \u00e9desapja Laci b\u00e1csi innen sz\u00e1rmazik. Egy kis kit\u00e9r\u0151vel megn\u00e9zt\u00fcnk egy sz\u00e1munkra kedves utc\u00e1t, az \u00c1v\u00e9d utc\u00e1t, amely a szeretett doktor b\u00e1csink \u00e9desapj\u00e1r\u00f3l, csal\u00e1dj\u00e1r\u00f3l kapta a nev\u00e9t.<\/p>\n\n\n\n<p><img loading=\"lazy\" decoding=\"async\" width=\"500\" height=\"667\" class=\"wp-image-3885\" style=\"width: 500px;\" src=\"\/wp-content\/uploads\/2023\/08\/HAT-KP-1-2022_1-001133-30-scaled.jpg\" alt=\"\" srcset=\"\/wp-content\/uploads\/2023\/08\/HAT-KP-1-2022_1-001133-30-scaled.jpg 1920w, \/wp-content\/uploads\/2023\/08\/HAT-KP-1-2022_1-001133-30-225x300.jpg 225w, \/wp-content\/uploads\/2023\/08\/HAT-KP-1-2022_1-001133-30-768x1024.jpg 768w, \/wp-content\/uploads\/2023\/08\/HAT-KP-1-2022_1-001133-30-1152x1536.jpg 1152w, \/wp-content\/uploads\/2023\/08\/HAT-KP-1-2022_1-001133-30-1536x2048.jpg 1536w\" sizes=\"auto, (max-width: 500px) 100vw, 500px\" \/><img loading=\"lazy\" decoding=\"async\" width=\"500\" height=\"375\" class=\"wp-image-3886\" style=\"width: 500px;\" src=\"\/wp-content\/uploads\/2023\/08\/HAT-KP-1-2022_1-001133-32-scaled.jpg\" alt=\"\" srcset=\"\/wp-content\/uploads\/2023\/08\/HAT-KP-1-2022_1-001133-32-scaled.jpg 2560w, \/wp-content\/uploads\/2023\/08\/HAT-KP-1-2022_1-001133-32-300x225.jpg 300w, \/wp-content\/uploads\/2023\/08\/HAT-KP-1-2022_1-001133-32-1024x768.jpg 1024w, \/wp-content\/uploads\/2023\/08\/HAT-KP-1-2022_1-001133-32-768x576.jpg 768w, \/wp-content\/uploads\/2023\/08\/HAT-KP-1-2022_1-001133-32-1536x1152.jpg 1536w, \/wp-content\/uploads\/2023\/08\/HAT-KP-1-2022_1-001133-32-2048x1536.jpg 2048w, \/wp-content\/uploads\/2023\/08\/HAT-KP-1-2022_1-001133-32-400x300.jpg 400w\" sizes=\"auto, (max-width: 500px) 100vw, 500px\" \/><\/p>\n\n\n\n<p>Parajdon, a s\u00f3b\u00e1nya hatalmas t\u00e1rn\u00e1i ejtettek \u00e1mulatba benn\u00fcnket. s. Helyi idegenvezet\u0151vel els\u00e9t\u00e1ltunk a S\u00f3-szorosba, ahol a felsz\u00ednen is megnyalogathattuk a s\u00f3s hegyeket, iszapos s\u00f3sf\u00fcrd\u0151 helyet is l\u00e1ttunk.<\/p>\n\n\n\n<figure class=\"wp-block-image size-large\"><a href=\"\/wp-content\/uploads\/2023\/08\/HAT-KP-1-2022_1-001133-33-scaled.jpg\"><img loading=\"lazy\" decoding=\"async\" width=\"1024\" height=\"768\" src=\"\/wp-content\/uploads\/2023\/08\/HAT-KP-1-2022_1-001133-33-1024x768.jpg\" alt=\"\" class=\"wp-image-3887\" srcset=\"\/wp-content\/uploads\/2023\/08\/HAT-KP-1-2022_1-001133-33-1024x768.jpg 1024w, \/wp-content\/uploads\/2023\/08\/HAT-KP-1-2022_1-001133-33-300x225.jpg 300w, \/wp-content\/uploads\/2023\/08\/HAT-KP-1-2022_1-001133-33-768x576.jpg 768w, \/wp-content\/uploads\/2023\/08\/HAT-KP-1-2022_1-001133-33-1536x1152.jpg 1536w, \/wp-content\/uploads\/2023\/08\/HAT-KP-1-2022_1-001133-33-2048x1536.jpg 2048w, \/wp-content\/uploads\/2023\/08\/HAT-KP-1-2022_1-001133-33-400x300.jpg 400w\" sizes=\"auto, (max-width: 1024px) 100vw, 1024px\" \/><\/a><\/figure>\n\n\n\n<p>Majd a korondi s\u00f3 feldolgoz\u00f3hoz vezetett az utunk, itt belepillanthattunk a s\u00f3 feldolgoz\u00e1s mozzanataiba. Nagyon sok mindent k\u00e9sz\u00edtenek bel\u0151le: \u00e9tkez\u00e9si s\u00f3 \u0151rlem\u00e9nyt, illatos\u00edtott f\u00fcrd\u0151s\u00f3kat. inhal\u00e1l\u00f3kat, s\u00f3 l\u00e1mp\u00e1t stb. Mindenki kapott nyal\u00f3ka s\u00f3t is! Majd v\u00e1s\u00e1rolhattunk is k\u00fcl\u00f6nleges, helyi s\u00f3 k\u00e9sz\u00edtm\u00e9nyeket aj\u00e1nd\u00e9kba.<\/p>\n\n\n\n<p><img loading=\"lazy\" decoding=\"async\" width=\"580\" height=\"435\" class=\"wp-image-3888\" style=\"width: 580px;\" src=\"\/wp-content\/uploads\/2023\/08\/HAT-KP-1-2022_1-001133-35-scaled.jpg\" alt=\"\" srcset=\"\/wp-content\/uploads\/2023\/08\/HAT-KP-1-2022_1-001133-35-scaled.jpg 2560w, \/wp-content\/uploads\/2023\/08\/HAT-KP-1-2022_1-001133-35-300x225.jpg 300w, \/wp-content\/uploads\/2023\/08\/HAT-KP-1-2022_1-001133-35-1024x768.jpg 1024w, \/wp-content\/uploads\/2023\/08\/HAT-KP-1-2022_1-001133-35-768x576.jpg 768w, \/wp-content\/uploads\/2023\/08\/HAT-KP-1-2022_1-001133-35-1536x1152.jpg 1536w, \/wp-content\/uploads\/2023\/08\/HAT-KP-1-2022_1-001133-35-2048x1536.jpg 2048w, \/wp-content\/uploads\/2023\/08\/HAT-KP-1-2022_1-001133-35-400x300.jpg 400w\" sizes=\"auto, (max-width: 580px) 100vw, 580px\" \/>Farkaslak\u00e1n egy rendhagy\u00f3 irodalom\u00f3r\u00e1n vehett\u00fcnk r\u00e9szt, ahol egy idegenvezet\u0151 mes\u00e9lt Tam\u00e1si \u00c1ron \u00e9let\u00e9r\u0151l, sz\u00edvhez sz\u00f3l\u00f3 \u00edr\u00e1sair\u00f3l. Meg\u00e1lltunk \u00e9s tiszteletet adtunk az \u00edr\u00f3 s\u00edrja el\u0151tt. Megtekinthett\u00fck a Trianon-eml\u00e9km\u0171vet, megismerhett\u00fck a kett\u0151s kereszt szimb\u00f3lum\u00e1t, a sz\u00e9tszak\u00edtott orsz\u00e1g mot\u00edvum\u00e1t.<\/p>\n\n\n\n<figure class=\"wp-block-image size-large\"><a href=\"\/wp-content\/uploads\/2023\/08\/HAT-KP-1-2022_1-001133-34-scaled.jpg\"><img loading=\"lazy\" decoding=\"async\" width=\"1024\" height=\"768\" src=\"\/wp-content\/uploads\/2023\/08\/HAT-KP-1-2022_1-001133-34-1024x768.jpg\" alt=\"\" class=\"wp-image-3889\" srcset=\"\/wp-content\/uploads\/2023\/08\/HAT-KP-1-2022_1-001133-34-1024x768.jpg 1024w, \/wp-content\/uploads\/2023\/08\/HAT-KP-1-2022_1-001133-34-300x225.jpg 300w, \/wp-content\/uploads\/2023\/08\/HAT-KP-1-2022_1-001133-34-768x576.jpg 768w, \/wp-content\/uploads\/2023\/08\/HAT-KP-1-2022_1-001133-34-1536x1152.jpg 1536w, \/wp-content\/uploads\/2023\/08\/HAT-KP-1-2022_1-001133-34-2048x1536.jpg 2048w, \/wp-content\/uploads\/2023\/08\/HAT-KP-1-2022_1-001133-34-400x300.jpg 400w\" sizes=\"auto, (max-width: 1024px) 100vw, 1024px\" \/><\/a><\/figure>\n\n\n\n<p><img loading=\"lazy\" decoding=\"async\" width=\"500\" height=\"667\" class=\"wp-image-3890\" style=\"width: 500px;\" src=\"\/wp-content\/uploads\/2023\/08\/HAT-KP-1-2022_1-001133-36-scaled.jpg\" alt=\"\" srcset=\"\/wp-content\/uploads\/2023\/08\/HAT-KP-1-2022_1-001133-36-scaled.jpg 1920w, \/wp-content\/uploads\/2023\/08\/HAT-KP-1-2022_1-001133-36-225x300.jpg 225w, \/wp-content\/uploads\/2023\/08\/HAT-KP-1-2022_1-001133-36-768x1024.jpg 768w, \/wp-content\/uploads\/2023\/08\/HAT-KP-1-2022_1-001133-36-1152x1536.jpg 1152w, \/wp-content\/uploads\/2023\/08\/HAT-KP-1-2022_1-001133-36-1536x2048.jpg 1536w\" sizes=\"auto, (max-width: 500px) 100vw, 500px\" \/><\/p>\n\n\n\n<p>A k\u00f6vetkez\u0151 \u00e1llom\u00e1s Szejkef\u00fcrd\u0151n a Mini Erd\u00e9lypark volt, ahol val\u00f3s\u00e1gh\u0171 maketteken n\u00e9zhett\u00fck meg Erd\u00e9ly nevezetess\u00e9geit, \u00e9p\u00edtm\u00e9nyeit. Majd a jellegzetes sz\u00e9kely kapusoron kereszt\u00fcl fels\u00e9t\u00e1ltunk Orb\u00e1n Bal\u00e1zs \u00edr\u00f3, n\u00e9prajzi gy\u0171jt\u0151 s\u00edreml\u00e9k\u00e9hez.<\/p>\n\n\n\n<figure class=\"wp-block-image size-large\"><a href=\"\/wp-content\/uploads\/2023\/08\/HAT-KP-1-2022_1-001133-37-scaled.jpg\"><img loading=\"lazy\" decoding=\"async\" width=\"1024\" height=\"768\" src=\"\/wp-content\/uploads\/2023\/08\/HAT-KP-1-2022_1-001133-37-1024x768.jpg\" alt=\"\" class=\"wp-image-3891\" srcset=\"\/wp-content\/uploads\/2023\/08\/HAT-KP-1-2022_1-001133-37-1024x768.jpg 1024w, \/wp-content\/uploads\/2023\/08\/HAT-KP-1-2022_1-001133-37-300x225.jpg 300w, \/wp-content\/uploads\/2023\/08\/HAT-KP-1-2022_1-001133-37-768x576.jpg 768w, \/wp-content\/uploads\/2023\/08\/HAT-KP-1-2022_1-001133-37-1536x1152.jpg 1536w, \/wp-content\/uploads\/2023\/08\/HAT-KP-1-2022_1-001133-37-2048x1536.jpg 2048w, \/wp-content\/uploads\/2023\/08\/HAT-KP-1-2022_1-001133-37-400x300.jpg 400w\" sizes=\"auto, (max-width: 1024px) 100vw, 1024px\" \/><\/a><\/figure>\n\n\n\n<p>Sz\u00e9kelyudvarhely f\u0151ter\u00e9n megn\u00e9zt\u00fck a Szoborparkot, megeml\u00e9kezt\u00fcnk t\u00f6rt\u00e9nelmi \u00e9s irodalmi nagyjainkr\u00f3l. Meghallgattuk Csaba kir\u00e1lyfi legend\u00e1j\u00e1t el\u00e9nekelt\u00fck a Sz\u00e9kely himnuszt.<\/p>\n\n\n\n<p>Tartalmas, \u00e9lm\u00e9nyekben gazdag napot z\u00e1rtunk.<\/p>\n\n\n\n<p>Az utols\u00f3 teljes napon el\u0151sz\u00f6r a S\u00fag\u00f3-barlangba ment\u00fcnk. Egy nagyon meredek kapaszkod\u00f3 gyalogl\u00e1s ut\u00e1n l\u00e1mp\u00e1kat kaptunk \u00e9s bement\u00fcnk a kivil\u00e1g\u00edtatlan cseppk\u0151barlangba. Titokzatos l\u00e1tv\u00e1ny fogadott. Cs\u00faszk\u00e1ltunk a vizes k\u00f6veken, de l\u00e1mp\u00e1ink f\u00e9ny\u00e9ben el\u0151t\u0171n\u0151 cseppk\u00f6vek gy\u00f6ny\u00f6r\u0171ek voltak. M\u00e9g azt is kipr\u00f3b\u00e1ltuk milyen a vaks\u00f6t\u00e9t. A program v\u00e9g\u00e9n egy k\u00f6z\u00f6s \u00e9nekl\u00e9ssel t\u00f6rt\u00fck meg a barlang cs\u00f6ndj\u00e9t.<\/p>\n\n\n\n<figure class=\"wp-block-image size-large\"><a href=\"\/wp-content\/uploads\/2023\/08\/HAT-KP-1-2022_1-001133-40.jpg\"><img loading=\"lazy\" decoding=\"async\" width=\"1024\" height=\"768\" src=\"\/wp-content\/uploads\/2023\/08\/HAT-KP-1-2022_1-001133-40-1024x768.jpg\" alt=\"\" class=\"wp-image-3892\" srcset=\"\/wp-content\/uploads\/2023\/08\/HAT-KP-1-2022_1-001133-40-1024x768.jpg 1024w, \/wp-content\/uploads\/2023\/08\/HAT-KP-1-2022_1-001133-40-300x225.jpg 300w, \/wp-content\/uploads\/2023\/08\/HAT-KP-1-2022_1-001133-40-768x576.jpg 768w, \/wp-content\/uploads\/2023\/08\/HAT-KP-1-2022_1-001133-40-1536x1152.jpg 1536w, \/wp-content\/uploads\/2023\/08\/HAT-KP-1-2022_1-001133-40-400x300.jpg 400w, \/wp-content\/uploads\/2023\/08\/HAT-KP-1-2022_1-001133-40.jpg 2048w\" sizes=\"auto, (max-width: 1024px) 100vw, 1024px\" \/><\/a><\/figure>\n\n\n\n<figure class=\"wp-block-image size-large\"><a href=\"\/wp-content\/uploads\/2023\/08\/HAT-KP-1-2022_1-001133-42.jpg\"><img loading=\"lazy\" decoding=\"async\" width=\"1024\" height=\"768\" src=\"\/wp-content\/uploads\/2023\/08\/HAT-KP-1-2022_1-001133-42-1024x768.jpg\" alt=\"\" class=\"wp-image-3893\" srcset=\"\/wp-content\/uploads\/2023\/08\/HAT-KP-1-2022_1-001133-42-1024x768.jpg 1024w, \/wp-content\/uploads\/2023\/08\/HAT-KP-1-2022_1-001133-42-300x225.jpg 300w, \/wp-content\/uploads\/2023\/08\/HAT-KP-1-2022_1-001133-42-768x576.jpg 768w, \/wp-content\/uploads\/2023\/08\/HAT-KP-1-2022_1-001133-42-1536x1152.jpg 1536w, \/wp-content\/uploads\/2023\/08\/HAT-KP-1-2022_1-001133-42-400x300.jpg 400w, \/wp-content\/uploads\/2023\/08\/HAT-KP-1-2022_1-001133-42.jpg 2048w\" sizes=\"auto, (max-width: 1024px) 100vw, 1024px\" \/><\/a><\/figure>\n\n\n\n<p>A B\u00e9k\u00e1si-szoros volt a k\u00f6vetkez\u0151 \u00e1llom\u00e1sunk. Es\u0151s id\u0151ben, m\u00e9gis izgatottan v\u00e1rtuk, hogy megcsod\u00e1lhassuk az \u00e9gbe ny\u00fal\u00f3 term\u00e9szeti ritkas\u00e1gokat: meredek sziklafalakat, fenyveseket, sebes viz\u0171 patakok \u00f6vezte a kanyarg\u00f3s hegyi utat. Egyes\u00e9vel, \u00f3vatosan k\u00f6zel\u00edtett\u00fck meg a turist\u00e1k sz\u00e1m\u00e1ra is kedvelt helyet.<\/p>\n\n\n\n<p>A Gyilkos-t\u00f3hoz \u00e9rve szerencs\u00e9re kis\u00fct\u00f6tt a nap, \u00fajra szemet gy\u00f6ny\u00f6rk\u00f6dtet\u0151 l\u00e1tv\u00e1nyban volt r\u00e9sz\u00fcnk: a t\u00f3 legend\u00e1ja megelevenedett el\u0151tt\u00fcnk a z\u00f6ldes, haragos v\u00edz l\u00e1tt\u00e1n.<\/p>\n\n\n\n<figure class=\"wp-block-image size-large\"><a href=\"\/wp-content\/uploads\/2023\/08\/2.jpg\"><img loading=\"lazy\" decoding=\"async\" width=\"1024\" height=\"768\" src=\"\/wp-content\/uploads\/2023\/08\/2-1024x768.jpg\" alt=\"\" class=\"wp-image-3894\" srcset=\"\/wp-content\/uploads\/2023\/08\/2-1024x768.jpg 1024w, \/wp-content\/uploads\/2023\/08\/2-300x225.jpg 300w, \/wp-content\/uploads\/2023\/08\/2-768x576.jpg 768w, \/wp-content\/uploads\/2023\/08\/2-400x300.jpg 400w, \/wp-content\/uploads\/2023\/08\/2.jpg 1386w\" sizes=\"auto, (max-width: 1024px) 100vw, 1024px\" \/><\/a><\/figure>\n\n\n\n<p>El\u00e9rkezett az utols\u00f3 nap. Szent L\u00e1szl\u00f3 kir\u00e1ly legend\u00e1it k\u00f6vetve a Tordai hasad\u00e9k term\u00e9szeti templom\u00e1ba \u00e9rkezt\u00fcnk. A csobog\u00f3 patak, az ing\u00f3 hidak, sz\u00e9d\u00edt\u0151en magas hegycs\u00facsok mindenkit leny\u0171g\u00f6ztek.<\/p>\n\n\n\n<figure class=\"wp-block-image size-large\"><a href=\"\/wp-content\/uploads\/2023\/08\/HAT-KP-1-2022_1-001133-46-scaled.jpg\"><img loading=\"lazy\" decoding=\"async\" width=\"1024\" height=\"768\" src=\"\/wp-content\/uploads\/2023\/08\/HAT-KP-1-2022_1-001133-46-1024x768.jpg\" alt=\"\" class=\"wp-image-3895\" srcset=\"\/wp-content\/uploads\/2023\/08\/HAT-KP-1-2022_1-001133-46-1024x768.jpg 1024w, \/wp-content\/uploads\/2023\/08\/HAT-KP-1-2022_1-001133-46-300x225.jpg 300w, \/wp-content\/uploads\/2023\/08\/HAT-KP-1-2022_1-001133-46-768x576.jpg 768w, \/wp-content\/uploads\/2023\/08\/HAT-KP-1-2022_1-001133-46-1536x1152.jpg 1536w, \/wp-content\/uploads\/2023\/08\/HAT-KP-1-2022_1-001133-46-2048x1536.jpg 2048w, \/wp-content\/uploads\/2023\/08\/HAT-KP-1-2022_1-001133-46-400x300.jpg 400w\" sizes=\"auto, (max-width: 1024px) 100vw, 1024px\" \/><\/a><\/figure>\n\n\n\n<figure class=\"wp-block-image size-large\"><a href=\"\/wp-content\/uploads\/2023\/08\/HAT-KP-1-2022_1-001133-44-scaled.jpg\"><img loading=\"lazy\" decoding=\"async\" width=\"1024\" height=\"768\" src=\"\/wp-content\/uploads\/2023\/08\/HAT-KP-1-2022_1-001133-44-1024x768.jpg\" alt=\"\" class=\"wp-image-3896\" srcset=\"\/wp-content\/uploads\/2023\/08\/HAT-KP-1-2022_1-001133-44-1024x768.jpg 1024w, \/wp-content\/uploads\/2023\/08\/HAT-KP-1-2022_1-001133-44-300x225.jpg 300w, \/wp-content\/uploads\/2023\/08\/HAT-KP-1-2022_1-001133-44-768x576.jpg 768w, \/wp-content\/uploads\/2023\/08\/HAT-KP-1-2022_1-001133-44-1536x1152.jpg 1536w, \/wp-content\/uploads\/2023\/08\/HAT-KP-1-2022_1-001133-44-2048x1536.jpg 2048w, \/wp-content\/uploads\/2023\/08\/HAT-KP-1-2022_1-001133-44-400x300.jpg 400w\" sizes=\"auto, (max-width: 1024px) 100vw, 1024px\" \/><\/a><\/figure>\n\n\n\n<p>Utols\u00f3 \u00e1llom\u00e1s: Arad. A r\u00e9gi v\u00e1r kiv\u00e9gz\u0151hely\u00e9n \u00e1ll\u00f3 eml\u00e9km\u0171 el\u0151tt tisztelet\u00fcnket adtuk a h\u0151s\u00f6knek, \u00e9s meghallgattunk k\u00e9t tanul\u00f3 el\u0151ad\u00e1s\u00e1ban egy sz\u00e9p verset az aradi 13-r\u00f3l. A megeml\u00e9kez\u00e9s ut\u00e1n szomor\u00faan vett\u00fck tudom\u00e1sul, hogy v\u00e9get \u00e9rt ez a f\u00e1raszt\u00f3, de csod\u00e1latos \u00f6t nap.<\/p>\n\n\n\n<figure class=\"wp-block-image size-large\"><a href=\"\/wp-content\/uploads\/2023\/08\/HAT-KP-1-2022_1-001133-47-scaled.jpg\"><img loading=\"lazy\" decoding=\"async\" width=\"1024\" height=\"768\" src=\"\/wp-content\/uploads\/2023\/08\/HAT-KP-1-2022_1-001133-47-1024x768.jpg\" alt=\"\" class=\"wp-image-3897\" srcset=\"\/wp-content\/uploads\/2023\/08\/HAT-KP-1-2022_1-001133-47-1024x768.jpg 1024w, \/wp-content\/uploads\/2023\/08\/HAT-KP-1-2022_1-001133-47-300x225.jpg 300w, \/wp-content\/uploads\/2023\/08\/HAT-KP-1-2022_1-001133-47-768x576.jpg 768w, \/wp-content\/uploads\/2023\/08\/HAT-KP-1-2022_1-001133-47-1536x1152.jpg 1536w, \/wp-content\/uploads\/2023\/08\/HAT-KP-1-2022_1-001133-47-2048x1536.jpg 2048w, \/wp-content\/uploads\/2023\/08\/HAT-KP-1-2022_1-001133-47-400x300.jpg 400w\" sizes=\"auto, (max-width: 1024px) 100vw, 1024px\" \/><\/a><\/figure>\n\n\n\n<p>\u00c9lm\u00e9nyekben, \u00e9rt\u00e9kekben gazdag kir\u00e1ndul\u00e1s volt, el\u00e9b\u00fcnk t\u00e1rult a m\u00falt, mes\u00e9ltek a k\u00f6vek, a hegyek, \u00e1t\u00e9rezhett\u00fck a magyars\u00e1gunkat, \u00f6sszetartoz\u00e1sunkat, sz\u00fcl\u0151f\u00f6ld\u00fcnkh\u00f6z val\u00f3 ragaszkod\u00e1sunkat.<\/p>\n\n\n\n<p>A tanulm\u00e1nyi kir\u00e1ndul\u00e1son iskol\u00e1nk 42 tanul\u00f3ja vett r\u00e9szt \u00e9s az \u0151ket k\u00eds\u00e9r\u0151 4 nevel\u0151. K\u00f6sz\u00f6nettel tartozunk Czesznak Gy\u00f6rgy aut\u00f3busz vezet\u0151nek, Gyuri b\u00e1csinak, aki seg\u00edt\u0151k\u00e9szen \u00e9s biztons\u00e1ggal vezette az utunkat, az ALF\u00d6LD TRAVEL-SPORT Szolg\u00e1ltat\u00f3 \u00e9s Kereskedelmi Kft-nek a szervez\u00e9s\u00e9rt.<\/p>\n\n\n\n<p>Utaz\u00e1sunk a Bethlen G\u00e1bor Alapkezel\u0151 Zrt p\u00e1ly\u00e1zat\u00e1val \u00e9s a Magyar Korm\u00e1ny t\u00e1mogat\u00e1s\u00e1val j\u00f6hetett l\u00e9tre. K\u00d6SZ\u00d6NET \u00c9RTE!<\/p>\n\n\n\n<p><img loading=\"lazy\" decoding=\"async\" width=\"600\" height=\"496\" class=\"wp-image-3916\" style=\"width: 600px;\" src=\"\/wp-content\/uploads\/2023\/08\/Kep1.png\" alt=\"\" srcset=\"\/wp-content\/uploads\/2023\/08\/Kep1.png 1360w, \/wp-content\/uploads\/2023\/08\/Kep1-300x248.png 300w, \/wp-content\/uploads\/2023\/08\/Kep1-1024x846.png 1024w, \/wp-content\/uploads\/2023\/08\/Kep1-768x635.png 768w, \/wp-content\/uploads\/2023\/08\/Kep1-363x300.png 363w\" sizes=\"auto, (max-width: 600px) 100vw, 600px\" \/><\/p>\n\n\n\n<p>Tam\u00e1si \u00c1ron szavaival z\u00e1rn\u00e1nk a besz\u00e1mol\u00f3nkat:<\/p>\n\n\n\n<p>\u201eMi\u00e9nk a f\u00e9ny, amit a lelk\u00fcnkbe fogadunk,s a f\u00f6ld,amelyen \u00e9l\u00fcnk \u00e9s meghalunk.\u201d<\/p>\n","protected":false},"excerpt":{"rendered":"<p>Besz\u00e1mol\u00f3 az erd\u00e9lyi kir\u00e1ndul\u00e1sr\u00f3l Nagy \u00f6r\u00f6mmel fogadtuk a h\u00edrt, hogy nyert a Hat\u00e1rtalanul p\u00e1ly\u00e1zat. 2023. m\u00e1jus 21-25. k\u00f6z\u00f6tt \u00edgy egy csod\u00e1latos kir\u00e1ndul\u00e1son vehet\u00fcnk r\u00e9szt Erd\u00e9lyben. Az utaz\u00e1st megel\u0151z\u0151en egy el\u0151k\u00e9sz\u00edt\u0151 \u00f3r\u00e1t tartottunk, ahol sz\u00fcleink is t\u00e1j\u00e9koztat\u00e1st kaptak arr\u00f3l, hogy milyen programok lesznek, \u00e9s hogyan k\u00e9sz\u00fclj\u00fcnk fel az utaz\u00e1sra.&nbsp; Majd a [&hellip;]<\/p>\n","protected":false},"author":1,"featured_media":0,"parent":0,"menu_order":0,"comment_status":"closed","ping_status":"closed","template":"","meta":{"footnotes":""},"class_list":["post-3861","page","type-page","status-publish","hentry"],"_links":{"self":[{"href":"\/index.php?rest_route=\/wp\/v2\/pages\/3861","targetHints":{"allow":["GET"]}}],"collection":[{"href":"\/index.php?rest_route=\/wp\/v2\/pages"}],"about":[{"href":"\/index.php?rest_route=\/wp\/v2\/types\/page"}],"author":[{"embeddable":true,"href":"\/index.php?rest_route=\/wp\/v2\/users\/1"}],"replies":[{"embeddable":true,"href":"\/index.php?rest_route=%2Fwp%2Fv2%2Fcomments&post=3861"}],"version-history":[{"count":6,"href":"\/index.php?rest_route=\/wp\/v2\/pages\/3861\/revisions"}],"predecessor-version":[{"id":3918,"href":"\/index.php?rest_route=\/wp\/v2\/pages\/3861\/revisions\/3918"}],"wp:attachment":[{"href":"\/index.php?rest_route=%2Fwp%2Fv2%2Fmedia&parent=3861"}],"curies":[{"name":"wp","href":"https:\/\/api.w.org\/{rel}","templated":true}]}}